{"id":6654,"date":"2021-11-25T17:26:10","date_gmt":"2021-11-25T16:26:10","guid":{"rendered":"http:\/\/www.semlh-morbihan.fr\/wordpress\/?page_id=6654"},"modified":"2021-11-25T17:33:20","modified_gmt":"2021-11-25T16:33:20","slug":"organisation-simplifiee-du-comite-du-pays-de-vannes","status":"publish","type":"page","link":"http:\/\/www.semlh-morbihan.fr\/wordpress\/organisation-simplifiee-du-comite-du-pays-de-vannes\/","title":{"rendered":"Organisation simplifi\u00e9e du comit\u00e9 du pays de Vannes"},"content":{"rendered":"<p>Suite \u00e0 l&rsquo;assembl\u00e9e locale du comit\u00e9 de Vannes le 14 octobre 2021 , la nouvelle organisation simplifi\u00e9e du bureau est la suivante :<\/p>\n<p><center><strong>Composition du bureau au 09\/11\/2021<\/strong><\/center>&nbsp;<\/p>\n<p><center><span style=\"text-decoration: underline; font-size: 14pt;\"><strong>\u00c9lection du bureau au 14 octobre 2021<\/strong><\/span><\/center><\/p>\n<table style=\"height: 766px; width: 100%; border-collapse: collapse;\">\n<tbody>\n<tr class=\"row_first\" style=\"height: 23px;\">\n<th style=\"width: 19.0283%; height: 23px;\" scope=\"col\"><\/th>\n<th style=\"width: 48.9879%; height: 23px;\" scope=\"col\"><\/th>\n<th style=\"width: 14.305%; height: 23px;\" scope=\"col\"><\/th>\n<td style=\"width: 41.3293%; height: 23px;\"><\/td>\n<\/tr>\n<tr class=\"row_even\" style=\"height: 144px;\">\n<td style=\"width: 19.0283%; height: 144px;\"><strong>Pr\u00e9sident<\/strong><\/td>\n<td style=\"width: 48.9879%; height: 144px;\"><strong>M. Bruno BODARD<\/strong><br \/>\n3 impasse Delan<br \/>\n56250 TREFFLEAN<\/td>\n<td style=\"width: 14.305%; height: 144px;\"><strong>T\u00e9l. 02 97 53 29 76<\/strong><br \/>\n<strong>mob. 07 68 40 59<\/strong><br \/>\n<strong>hd.bodard@sfr.fr<\/strong><\/td>\n<td style=\"width: 41.3293%; height: 144px;\"><img loading=\"lazy\" decoding=\"async\" class=\"wp-image-6432 aligncenter\" src=\"http:\/\/www.semlh-morbihan.fr\/wordpress\/wp-content\/uploads\/2021\/11\/trombinoscope_Bodard-495x600.jpg\" alt=\"\" width=\"128\" height=\"154\" \/><\/td>\n<\/tr>\n<tr style=\"height: 138px;\">\n<td style=\"width: 19.0283%; height: 138px;\"><strong>Vice-Pr\u00e9sident<\/strong><\/td>\n<td style=\"width: 48.9879%; height: 138px;\"><strong>Colonel(er) Jean-Ren\u00e9 RABOTEAU<\/strong><br \/>\nGerpil<br \/>\n56250 TREDION<\/td>\n<td style=\"width: 14.305%; height: 138px;\"><\/td>\n<td style=\"width: 41.3293%; height: 138px;\"><img loading=\"lazy\" decoding=\"async\" class=\"wp-image-6433 aligncenter\" src=\"http:\/\/www.semlh-morbihan.fr\/wordpress\/wp-content\/uploads\/2021\/11\/trombinoscope_Raboteau-449x600.jpg\" alt=\"\" width=\"104\" height=\"140\" \/><\/td>\n<\/tr>\n<tr style=\"height: 136px;\">\n<td style=\"width: 19.0283%; height: 136px;\"><strong>Secr\u00e9taire<\/strong><\/td>\n<td style=\"width: 48.9879%; height: 136px;\"><strong>Lieutenant-Colonel(er)Roland MERGEL<\/strong><br \/>\n3 rue Claude DERVENN<br \/>\n56450 THEIX-NOYALO<\/td>\n<td style=\"width: 14.305%; height: 136px;\">T\u00e9l. 02 97 43 27 25<br \/>\nmob. 07 68 40 59 42<br \/>\nrolandmergel@free.fr<\/td>\n<td style=\"width: 41.3293%; height: 136px;\"><img loading=\"lazy\" decoding=\"async\" class=\"aligncenter wp-image-6434 size-thumbnail\" src=\"http:\/\/www.semlh-morbihan.fr\/wordpress\/wp-content\/uploads\/2021\/11\/trombinoscope_Mergel-150x150.jpg\" alt=\"\" width=\"150\" height=\"150\" \/><\/td>\n<\/tr>\n<tr>\n<td style=\"width: 19.0283%;\"><strong>Secr\u00e9taire adjointe<\/strong><\/td>\n<td style=\"width: 48.9879%;\"><strong>Madame Liliane BEAUGRAND<br \/>\n<\/strong>Les Rivages de Conleau<br \/>\n8, rue Julie Marie CROZET<br \/>\n56 000 VANNES<\/td>\n<td style=\"width: 14.305%;\"><\/td>\n<td style=\"width: 41.3293%;\"><img loading=\"lazy\" decoding=\"async\" class=\"aligncenter wp-image-6446 size-thumbnail\" src=\"http:\/\/www.semlh-morbihan.fr\/wordpress\/wp-content\/uploads\/2021\/11\/trombinoscope-Beaugrand-150x150.jpg\" alt=\"\" width=\"150\" height=\"150\" \/><\/td>\n<\/tr>\n<tr style=\"height: 152px;\">\n<td style=\"width: 19.0283%; height: 152px;\"><strong>Tr\u00e9sorier<\/strong><\/td>\n<td style=\"width: 48.9879%; height: 152px;\"><strong>Capitaine de Fr\u00e9gate(h) Eric HOUY<\/strong><br \/>\n44, rue les trois Fr\u00e8res<br \/>\n56 860 S\u00c9N\u00c9<\/td>\n<td style=\"width: 14.305%; height: 152px;\">T\u00e9l. 09 81 02 58 47<br \/>\nhouy.eric@bbox.fr<\/td>\n<td style=\"width: 41.3293%; height: 152px;\"><img loading=\"lazy\" decoding=\"async\" class=\"aligncenter wp-image-6436 size-thumbnail\" src=\"http:\/\/www.semlh-morbihan.fr\/wordpress\/wp-content\/uploads\/2021\/11\/trombinoscope-Houy-150x150.jpg\" alt=\"\" width=\"150\" height=\"150\" \/><\/td>\n<\/tr>\n<tr style=\"height: 94px;\">\n<td style=\"width: 19.0283%; height: 94px;\"><strong>Porte-drapeau<\/strong><\/td>\n<td style=\"width: 48.9879%; height: 94px;\"><strong>Capitaine de fr\u00e9gate(er) Jean-Pierre TESSIER<\/strong><br \/>\n55, rue amiral Defforges<br \/>\n56 000\u00a0 VANNES<\/td>\n<td style=\"width: 14.305%; height: 94px;\"><\/td>\n<td style=\"width: 41.3293%; height: 94px;\"><img loading=\"lazy\" decoding=\"async\" class=\"wp-image-6440 size-thumbnail aligncenter\" src=\"http:\/\/www.semlh-morbihan.fr\/wordpress\/wp-content\/uploads\/2021\/11\/trombinoscope_Tessier-150x150.jpg\" alt=\"\" width=\"150\" height=\"150\" \/><\/td>\n<\/tr>\n<tr style=\"height: 23px;\">\n<td style=\"width: 19.0283%; height: 23px;\"><\/td>\n<td style=\"width: 48.9879%; height: 23px;\"><\/td>\n<td style=\"width: 14.305%; height: 23px;\"><\/td>\n<td style=\"width: 41.3293%; height: 23px;\"><\/td>\n<\/tr>\n<tr style=\"height: 33px;\">\n<td style=\"width: 68.0162%; height: 33px;\" colspan=\"2\"><span style=\"font-family: 'arial black', sans-serif;\"><strong>Commission Entraide \/ Solidarit\u00e9<\/strong><\/span><\/td>\n<td style=\"width: 14.305%; height: 33px;\"><\/td>\n<td style=\"width: 41.3293%; height: 33px;\"><\/td>\n<\/tr>\n<tr style=\"height: 23px;\">\n<td style=\"width: 19.0283%; height: 23px;\"><\/td>\n<td style=\"width: 48.9879%; height: 23px;\"><strong>Madame Liliane BEAUGRAND<\/strong><br \/>\nLes Rivages de Conleau<br \/>\n8, rue Julie Marie CROZET<br \/>\n56 000 VANNES<\/td>\n<td style=\"width: 14.305%; height: 23px;\">T\u00e9l. 02 97 63 05 25<\/p>\n<p>T\u00e9l. 06 87 27 70 27<br \/>\nliliane.beaugrand@sfr.fr<\/td>\n<td style=\"width: 41.3293%; height: 23px;\"><img loading=\"lazy\" decoding=\"async\" class=\"aligncenter wp-image-6446 size-thumbnail\" src=\"http:\/\/www.semlh-morbihan.fr\/wordpress\/wp-content\/uploads\/2021\/11\/trombinoscope-Beaugrand-150x150.jpg\" alt=\"\" width=\"150\" height=\"150\" \/><\/td>\n<\/tr>\n<tr>\n<td style=\"width: 19.0283%;\"><\/td>\n<td style=\"width: 48.9879%;\"><strong>Mme Jacqueline COLSON<br \/>\n<\/strong>1 rue Georges CADOUDAL<br \/>\n56 890 SAINT-AVE<\/td>\n<td style=\"width: 14.305%;\"><\/td>\n<td style=\"width: 41.3293%;\"><img loading=\"lazy\" decoding=\"async\" class=\"wp-image-6452 size-thumbnail aligncenter\" src=\"http:\/\/www.semlh-morbihan.fr\/wordpress\/wp-content\/uploads\/2021\/11\/trombinoscope-Colson-150x150.jpg\" alt=\"\" width=\"150\" height=\"150\" \/><\/td>\n<\/tr>\n<tr>\n<td style=\"width: 19.0283%;\"><\/td>\n<td style=\"width: 48.9879%;\"><strong>Mme Chantal LESCONNEC<br \/>\n<\/strong>Kerfontaine, 153 rue Jean Jaur\u00e8s<br \/>\n56 000\u00a0 VANNES<\/td>\n<td style=\"width: 14.305%;\"><\/td>\n<td style=\"width: 41.3293%;\"><img loading=\"lazy\" decoding=\"async\" class=\"aligncenter wp-image-6449 size-thumbnail\" src=\"http:\/\/www.semlh-morbihan.fr\/wordpress\/wp-content\/uploads\/2021\/11\/trombinoscope-Lesconnec-150x150.jpg\" alt=\"\" width=\"150\" height=\"150\" \/><\/td>\n<\/tr>\n<tr>\n<td style=\"width: 68.0162%;\" colspan=\"2\"><span style=\"font-family: 'arial black', sans-serif;\"><strong>Charg\u00e9 de mission : (\u00e9v\u00e8nementiel &#8211; protocole)<\/strong><\/span><\/td>\n<td style=\"width: 14.305%;\"><\/td>\n<td style=\"width: 41.3293%;\"><\/td>\n<\/tr>\n<tr>\n<td style=\"width: 19.0283%;\"><\/td>\n<td style=\"width: 48.9879%;\"><strong>M. Jean-Claude POUR\u00c9<br \/>\n<\/strong>28 rue Colette<br \/>\n56 890 PLESCOP<\/td>\n<td style=\"width: 14.305%;\"><\/td>\n<td style=\"width: 41.3293%;\"><img loading=\"lazy\" decoding=\"async\" class=\"aligncenter wp-image-6450 size-thumbnail\" src=\"http:\/\/www.semlh-morbihan.fr\/wordpress\/wp-content\/uploads\/2021\/11\/trombinoscope-Poure-150x150.jpg\" alt=\"\" width=\"150\" height=\"150\" \/><\/td>\n<\/tr>\n<tr>\n<td style=\"width: 19.0283%;\"><\/td>\n<td style=\"width: 48.9879%;\"><strong>Captaine de Vaisseau(er) Jacques R\u00c9MI<br \/>\n<\/strong>8 impasse capitaine N\u00e9mo<br \/>\n56 890 SAINT AV\u00c9<\/td>\n<td style=\"width: 14.305%;\"><\/td>\n<td style=\"width: 41.3293%;\"><img loading=\"lazy\" decoding=\"async\" class=\"aligncenter wp-image-6451 size-thumbnail\" src=\"http:\/\/www.semlh-morbihan.fr\/wordpress\/wp-content\/uploads\/2021\/11\/trombinoscope-Remi-150x150.jpg\" alt=\"\" width=\"150\" height=\"150\" \/><\/td>\n<\/tr>\n<tr>\n<td style=\"width: 19.0283%;\"><\/td>\n<td style=\"width: 48.9879%;\"><strong>Lieutenant-colonel (er) Philippe Frin<br \/>\n<\/strong>Keridoret, 9 all\u00e9e parc Derhue<br \/>\n56 890 SAINT\u00a0 AV\u00c9<\/td>\n<td style=\"width: 14.305%;\"><\/td>\n<td style=\"width: 41.3293%;\"><img loading=\"lazy\" decoding=\"async\" class=\"aligncenter wp-image-6447 size-thumbnail\" src=\"http:\/\/www.semlh-morbihan.fr\/wordpress\/wp-content\/uploads\/2021\/11\/trombinoscope-Frin-150x150.jpg\" alt=\"\" width=\"150\" height=\"150\" \/><\/td>\n<\/tr>\n<tr>\n<td style=\"width: 19.0283%;\"><\/td>\n<td style=\"width: 48.9879%;\"><strong>Mme Anne-Marie DURO<br \/>\n<\/strong>7 ter rue de Sainte-Anne<br \/>\n56 000\u00a0 VANNES<\/td>\n<td style=\"width: 14.305%;\"><\/td>\n<td style=\"width: 41.3293%;\"><img loading=\"lazy\" decoding=\"async\" class=\"aligncenter wp-image-6461 size-thumbnail\" src=\"http:\/\/www.semlh-morbihan.fr\/wordpress\/wp-content\/uploads\/2021\/11\/anne-maire-Duro2-150x150.jpg\" alt=\"\" width=\"150\" height=\"150\" \/><\/td>\n<\/tr>\n<\/tbody>\n<\/table>\n<p>&nbsp;<\/p>\n<p><strong>Si\u00e8ge<\/strong><\/p>\n<p><strong>\u00c9tendue du Comit\u00e9 :<\/strong><br \/>\nLes communes des cantons de Vannes 1 Vannes 2,, Vannes 3, Elven, Sarzeau, Grandchamp, Allaire, La Gacilly, Muzillac, Questembert, La Roche Bernard, Rochefort en Terre.<\/p>\n<p>La composition d\u00e9taill\u00e9e (num\u00e9ro de t\u00e9l\u00e9phone, adresses et courriels) se trouve dans la zone restreinte du comit\u00e9 de Vannes.<br \/>\nPour y acc\u00e9der : au bas de la page, cliquer sur \u00ab\u00a0se connecter\u00a0\u00bb<\/p>\n<figure id=\"attachment_6430\" aria-describedby=\"caption-attachment-6430\" style=\"width: 444px\" class=\"wp-caption aligncenter\"><img loading=\"lazy\" decoding=\"async\" class=\"size-medium wp-image-6430\" src=\"http:\/\/www.semlh-morbihan.fr\/wordpress\/wp-content\/uploads\/2021\/11\/Photo-de-groupe-comite-de-Vannes-444x600.jpg\" alt=\"\" width=\"444\" height=\"600\" srcset=\"http:\/\/www.semlh-morbihan.fr\/wordpress\/wp-content\/uploads\/2021\/11\/Photo-de-groupe-comite-de-Vannes-444x600.jpg 444w, http:\/\/www.semlh-morbihan.fr\/wordpress\/wp-content\/uploads\/2021\/11\/Photo-de-groupe-comite-de-Vannes-758x1024.jpg 758w, http:\/\/www.semlh-morbihan.fr\/wordpress\/wp-content\/uploads\/2021\/11\/Photo-de-groupe-comite-de-Vannes-768x1038.jpg 768w, http:\/\/www.semlh-morbihan.fr\/wordpress\/wp-content\/uploads\/2021\/11\/Photo-de-groupe-comite-de-Vannes-1137x1536.jpg 1137w, http:\/\/www.semlh-morbihan.fr\/wordpress\/wp-content\/uploads\/2021\/11\/Photo-de-groupe-comite-de-Vannes-1516x2048.jpg 1516w, http:\/\/www.semlh-morbihan.fr\/wordpress\/wp-content\/uploads\/2021\/11\/Photo-de-groupe-comite-de-Vannes-1218x1646.jpg 1218w, http:\/\/www.semlh-morbihan.fr\/wordpress\/wp-content\/uploads\/2021\/11\/Photo-de-groupe-comite-de-Vannes.jpg 1751w\" sizes=\"auto, (max-width: 444px) 100vw, 444px\" \/><figcaption id=\"caption-attachment-6430\" class=\"wp-caption-text\">Le bureau du comit\u00e9 du pays de Vannes lors du renouvellement du bureau<\/figcaption><\/figure>\n","protected":false},"excerpt":{"rendered":"<p>Suite \u00e0 l&rsquo;assembl\u00e9e locale du comit\u00e9 de Vannes le 14 octobre 2021 , la nouvelle organisation simplifi\u00e9e du bureau est la suivante : Composition du&#8230;<\/p>\n","protected":false},"author":329,"featured_media":0,"parent":0,"menu_order":0,"comment_status":"closed","ping_status":"closed","template":"","meta":{"footnotes":""},"class_list":["post-6654","page","type-page","status-publish","hentry"],"_links":{"self":[{"href":"http:\/\/www.semlh-morbihan.fr\/wordpress\/wp-json\/wp\/v2\/pages\/6654","targetHints":{"allow":["GET"]}}],"collection":[{"href":"http:\/\/www.semlh-morbihan.fr\/wordpress\/wp-json\/wp\/v2\/pages"}],"about":[{"href":"http:\/\/www.semlh-morbihan.fr\/wordpress\/wp-json\/wp\/v2\/types\/page"}],"author":[{"embeddable":true,"href":"http:\/\/www.semlh-morbihan.fr\/wordpress\/wp-json\/wp\/v2\/users\/329"}],"replies":[{"embeddable":true,"href":"http:\/\/www.semlh-morbihan.fr\/wordpress\/wp-json\/wp\/v2\/comments?post=6654"}],"version-history":[{"count":2,"href":"http:\/\/www.semlh-morbihan.fr\/wordpress\/wp-json\/wp\/v2\/pages\/6654\/revisions"}],"predecessor-version":[{"id":6659,"href":"http:\/\/www.semlh-morbihan.fr\/wordpress\/wp-json\/wp\/v2\/pages\/6654\/revisions\/6659"}],"wp:attachment":[{"href":"http:\/\/www.semlh-morbihan.fr\/wordpress\/wp-json\/wp\/v2\/media?parent=6654"}],"curies":[{"name":"wp","href":"https:\/\/api.w.org\/{rel}","templated":true}]}}