{"id":6667,"date":"2021-11-25T18:36:41","date_gmt":"2021-11-25T17:36:41","guid":{"rendered":"http:\/\/www.semlh-morbihan.fr\/wordpress\/?page_id=6667"},"modified":"2021-12-23T11:22:04","modified_gmt":"2021-12-23T10:22:04","slug":"traitement-des-frais-de-deplacement-smlh-avec-edition-dun-cerfa-de-dons","status":"publish","type":"page","link":"http:\/\/www.semlh-morbihan.fr\/wordpress\/traitement-des-frais-de-deplacement-smlh-avec-edition-dun-cerfa-de-dons\/","title":{"rendered":"Traitement des frais de d\u00e9placement SMLH"},"content":{"rendered":"<p style=\"text-align: center;\"><span style=\"text-decoration: underline;\"><strong>Proc\u00e9dure et documents pour le traitement des frais de d\u00e9placement<\/strong><\/span><\/p>\n<p style=\"text-align: justify;\"><span style=\"text-decoration: underline;\"><strong>Remarques liminaires :<\/strong><\/span><\/p>\n<p style=\"text-align: justify;\">Dans le cas de missions organis\u00e9es par la section ou le comit\u00e9, certains membres du bureau (notamment les porte-drapeaux) sont appel\u00e9s \u00e0 se d\u00e9placer par leur moyen personnel. L&rsquo;utilisation de leur v\u00e9hicule peut faire l&rsquo;objet d&rsquo;un \u00e9tat de frais qui constitue un don vis \u00e0 vis de la SMLH avec \u00e9dition d&rsquo;un Cerfa de don qui peut \u00eatre mis dans la d\u00e9claration d&rsquo;imp\u00f4ts.<\/p>\n<p style=\"text-align: justify;\">Les acteurs\u00a0 au niveau des comit\u00e9s sont le pr\u00e9sident de comit\u00e9 pour la r\u00e9daction de l&rsquo;ordre de mission, le membre du bureau qui remplit son \u00e9tat de frais et le tr\u00e9sorier du comit\u00e9 pour l&rsquo;ordre de mission du pr\u00e9sident de comit\u00e9.<\/p>\n<p style=\"text-align: justify;\">Par d\u00e9l\u00e9gation du pr\u00e9sident de la SMLH, le pr\u00e9sident de section conjointement avec le tr\u00e9sorier de section signe le re\u00e7u au titre des dons pour chaque int\u00e9ress\u00e9 d\u00e8s la r\u00e9ception des documents pr\u00e9c\u00e9dents.<\/p>\n<p style=\"text-align: justify;\">L&rsquo;ensemble des documents des comit\u00e9s, c&rsquo;est \u00e0 dire pour chaque demandeur, l&rsquo;ordre de mission global et l&rsquo;\u00e9tat de frais, sont envoy\u00e9s sous forme magn\u00e9tique au tr\u00e9sorier de sction. On n&rsquo;omettra pas de joindre, sous un onglet, dans l&rsquo;\u00e9tat de frais les justificatifs \u00e9ventuels. <em>Au vu des pi\u00e8ces, le tr\u00e9sorier de section g\u00e9n\u00e8re le Cerfa appropri\u00e9.<\/em><\/p>\n<p style=\"text-align: justify;\">En cas d&rsquo;impossibilit\u00e9 d&rsquo;envoi sous forme magn\u00e9tique, les documents seront transmis sous forme papier tout en ayant conscience que ceci demande un travail de num\u00e9risation au tr\u00e9sorier de section.<\/p>\n<p style=\"text-align: justify;\">L&rsquo;ensemble de tous les documents est envoy\u00e9 au si\u00e8ge par le tr\u00e9sorier de section pour le 31 janvier 2021 ; ce qui suppose de les recevoir une semaine avant au plus tard.<\/p>\n<p style=\"text-align: center;\">&#8212;&#8212;&#8212;&#8212;&#8212;&#8212;&#8212;&#8212;&#8212;&#8212;&#8212;&#8212;&#8212;&#8212;&#8212;&#8212;&#8212;&#8212;&#8212;&#8212;&#8212;&#8212;&#8212;&#8212;&#8212;&#8212;&#8212;&#8212;&#8212;&#8212;&#8212;<\/p>\n<p><span style=\"text-decoration: underline;\"><strong>Message du si\u00e8ge :<\/strong><\/span><\/p>\n<p>Mesdames et Messieurs les pr\u00e9sidents de section,<\/p>\n<p>Comme je ne peux vous transmettre les six documents en une seule fois, je vous prie de bien vouloir trouver dans <strong>ce premier courriel<\/strong>, trois documents en pi\u00e8ces jointes, concernant les frais de d\u00e9placement de l\u2019ann\u00e9e 2021 :<\/p>\n<ul>\n<li><strong>Note explicative<\/strong> (rappel de la proc\u00e9dure)<\/li>\n<li><strong>D\u00e9claration de frais<\/strong> (\u00e0 compl\u00e9ter et y joindre les justificatifs)<\/li>\n<li><strong>Mod\u00e8le ordre de mission <\/strong>(\u00e0 compl\u00e9ter)<\/li>\n<\/ul>\n<p>Je vous adresse imm\u00e9diatement <strong>un deuxi\u00e8me courriel<\/strong> comportant les trois autres documents\u00a0:<\/p>\n<ul>\n<li><strong>D\u00e9l\u00e9gation de signature<\/strong> (\u00e0 compl\u00e9ter et \u00e0 transmettre au si\u00e8ge pour signature si vous ne l\u2019avez pas d\u00e9j\u00e0 fait)<\/li>\n<li><strong>Re\u00e7u fiscal<\/strong> (le montant doit correspondre au montant total de la d\u00e9claration de frais)<\/li>\n<li><strong>Tableau r\u00e9capitulatif<\/strong> (\u00e0 compl\u00e9ter par vos soins, une seule ligne par section, regroupez les frais)<\/li>\n<\/ul>\n<p>Je vous remercie de bien vouloir me transmettre par courrier ou courriel les cinq documents (en bleu), \u00a0<em><strong><u>pour le 31 janvier 2022, date limite de r\u00e9ception<\/u><\/strong><\/em><em><u>.<\/u><\/em><\/p>\n<p>Bien cordialement,<\/p>\n<p>Corinne Le Bl\u00e9vec &lt;corinne.leblevec@smlh.fr&gt;<\/p>\n<p>Service adh\u00e9sion-cotisation-don \/ Entraide-solidarit\u00e9<\/p>\n<p>&nbsp;<\/p>\n<p><span style=\"text-decoration: underline;\"><strong>Les documents associ\u00e9s :<\/strong><\/span><\/p>\n<p>Vous pouvez les t\u00e9l\u00e9charger en cliquant sur les liens associ\u00e9s :<\/p>\n<ul>\n<li><a href=\"http:\/\/www.semlh-morbihan.fr\/wordpress\/wp-content\/uploads\/2021\/11\/note-explicative.pdf\"><span style=\"font-family: 'arial black', sans-serif;\"><strong>Note explicative<\/strong><\/span><\/a><\/li>\n<li><a href=\"http:\/\/www.semlh-morbihan.fr\/wordpress\/wp-content\/uploads\/2021\/11\/declaration-de-frais.xls\"><span style=\"font-family: 'arial black', sans-serif;\">D\u00e9claration de frais <span style=\"font-family: arial, helvetica, sans-serif;\">(\u00e0 compl\u00e9ter et y joindre les justificatifs)<\/span><\/span><\/a><\/li>\n<li><a href=\"http:\/\/www.semlh-morbihan.fr\/wordpress\/wp-content\/uploads\/2021\/11\/modele-odre-de-mission.doc\"><span style=\"font-family: 'arial black', sans-serif;\">Mod\u00e8le ordre de mission <span style=\"font-family: arial, helvetica, sans-serif;\">(faire un OM global pour toutes les activit\u00e9s de l&rsquo;ann\u00e9e pour un membre concern\u00e9 &#8211; \u00e9ventuellement comp\u00e9ter par un \u00e9tat joint)<\/span><\/span><\/a><\/li>\n<li><a href=\"http:\/\/www.semlh-morbihan.fr\/wordpress\/wp-content\/uploads\/2021\/11\/delegation-de-signature.docx\"><span style=\"font-family: 'arial black', sans-serif;\">D\u00e9l\u00e9gation de signature <span style=\"font-family: arial, helvetica, sans-serif;\">(concerne le pr\u00e9sident de section et le tr\u00e9sorier)<\/span><\/span><\/a><\/li>\n<li><a href=\"http:\/\/www.semlh-morbihan.fr\/wordpress\/wp-content\/uploads\/2021\/11\/recu-fiscal.docx\"><span style=\"font-family: 'arial black', sans-serif;\">Re\u00e7u fiscal <span style=\"font-family: arial, helvetica, sans-serif;\">(concerne le tr\u00e9sorier et le pr\u00e9sident de section)<\/span><\/span><\/a><\/li>\n<li><a href=\"http:\/\/www.semlh-morbihan.fr\/wordpress\/wp-content\/uploads\/2021\/11\/tableau-recapitulatif.xlsx\"><span style=\"font-family: 'arial black', sans-serif;\">Tableau r\u00e9capitulatif <span style=\"font-family: arial, helvetica, sans-serif;\">(\u00e0 compl\u00e9ter par le tr\u00e9sorier)<\/span><\/span><\/a><\/li>\n<\/ul>\n<p>Patrick Lamand\u00e9<\/p>\n<p>le tr\u00e9sorier de section SMLH du Morbihan<\/p>\n<p>&nbsp;<\/p>\n","protected":false},"excerpt":{"rendered":"<p>Proc\u00e9dure et documents pour le traitement des frais de d\u00e9placement Remarques liminaires : Dans le cas de missions organis\u00e9es par la section ou le comit\u00e9,&#8230;<\/p>\n","protected":false},"author":329,"featured_media":0,"parent":0,"menu_order":0,"comment_status":"closed","ping_status":"closed","template":"","meta":{"footnotes":""},"class_list":["post-6667","page","type-page","status-publish","hentry"],"_links":{"self":[{"href":"http:\/\/www.semlh-morbihan.fr\/wordpress\/wp-json\/wp\/v2\/pages\/6667","targetHints":{"allow":["GET"]}}],"collection":[{"href":"http:\/\/www.semlh-morbihan.fr\/wordpress\/wp-json\/wp\/v2\/pages"}],"about":[{"href":"http:\/\/www.semlh-morbihan.fr\/wordpress\/wp-json\/wp\/v2\/types\/page"}],"author":[{"embeddable":true,"href":"http:\/\/www.semlh-morbihan.fr\/wordpress\/wp-json\/wp\/v2\/users\/329"}],"replies":[{"embeddable":true,"href":"http:\/\/www.semlh-morbihan.fr\/wordpress\/wp-json\/wp\/v2\/comments?post=6667"}],"version-history":[{"count":8,"href":"http:\/\/www.semlh-morbihan.fr\/wordpress\/wp-json\/wp\/v2\/pages\/6667\/revisions"}],"predecessor-version":[{"id":6682,"href":"http:\/\/www.semlh-morbihan.fr\/wordpress\/wp-json\/wp\/v2\/pages\/6667\/revisions\/6682"}],"wp:attachment":[{"href":"http:\/\/www.semlh-morbihan.fr\/wordpress\/wp-json\/wp\/v2\/media?parent=6667"}],"curies":[{"name":"wp","href":"https:\/\/api.w.org\/{rel}","templated":true}]}}