{"id":6701,"date":"2021-11-27T16:35:53","date_gmt":"2021-11-27T15:35:53","guid":{"rendered":"http:\/\/www.semlh-morbihan.fr\/wordpress\/?page_id=6701"},"modified":"2021-11-27T16:35:53","modified_gmt":"2021-11-27T15:35:53","slug":"organisation-simplifiee-du-comite-de-ploermel-coetquidan","status":"publish","type":"page","link":"http:\/\/www.semlh-morbihan.fr\/wordpress\/organisation-simplifiee-du-comite-de-ploermel-coetquidan\/","title":{"rendered":"Organisation simplifi\u00e9e du comit\u00e9 de Ploermel-Co\u00ebtquidan"},"content":{"rendered":"<h2 style=\"text-align: center;\">Composition simplifi\u00e9e du bureau<\/h2>\n<p><!--more--><\/p>\n<table summary=\"Pr\u00e9sentation du Comit\u00e9 de Ploermel\">\n<caption>Comit\u00e9 de Plo\u00ebrmel<\/caption>\n<tbody>\n<tr class=\"row_even\">\n<td><strong>Pr\u00e9sidents Honoraires<\/strong><\/td>\n<td>Chef d&rsquo;Escadrons Jacques HA\u00cbNTJENS <strong>\u2020<\/strong><br \/>\nG\u00e9n\u00e9ral d&rsquo;AVIAU de TERNAY<br \/>\nLieutenant-colonel Jean-Jacques NICOLAS<br \/>\nM.le sous-pr\u00e9fet(H) Jean Guillaume <strong>\u2020<\/strong><\/td>\n<td><\/td>\n<td><\/td>\n<\/tr>\n<tr class=\"row_odd\">\n<td><strong>Pr\u00e9sident d&rsquo;Honneur<\/strong><\/td>\n<td>G\u00e9n\u00e9ral Roger de TORQUAT <strong>\u2020<\/strong><\/td>\n<td><\/td>\n<td><\/td>\n<\/tr>\n<tr class=\"row_even\">\n<td><\/td>\n<td><\/td>\n<td><\/td>\n<\/tr>\n<tr class=\"row_odd\">\n<td><strong>Pr\u00e9sident<\/strong><\/td>\n<td><strong>M. Guy de Kersabiec<\/strong>, adjoint au maire de Mauron<br \/>\nManoir de la Gapti\u00e8re<br \/>\n56340 SAINT BRIEUC DE MAURON<\/td>\n<td>T\u00e9l 02 97 22 62 36<br \/>\nMob. 06 81 71 25 85<br \/>\nguydekersabiec@orange.fr<\/td>\n<\/tr>\n<tr class=\"row_even\">\n<td><\/td>\n<td><\/td>\n<td><\/td>\n<\/tr>\n<tr class=\"row_odd\">\n<td><strong>Vice-pr\u00e9sidents<\/strong><\/td>\n<td>le G2 des \u00c9coles de Saint Cyr-Co\u00ebtquidan<br \/>\nColonel VIncent LECOUR GRANDMAISON<br \/>\n\u00c9coles de Co\u00ebtquidan 56381 Guer-Cedex<\/td>\n<td><\/td>\n<\/tr>\n<tr class=\"row_even\">\n<td><\/td>\n<td>Lieutenant-colonel (ER) Jean-Jacques NICOLAS<\/td>\n<td><\/td>\n<\/tr>\n<tr class=\"row_odd\">\n<td><strong>Tr\u00e9sorier<\/strong><\/td>\n<td><strong>Lieutenant-colonel (ER) Patrice DELFORGE<\/strong><br \/>\n1, le pas aux biches<br \/>\n56800 Camp\u00e9n\u00e9ac<\/td>\n<td>T\u00e9l. 02 97 93 41 76<\/p>\n<p>patrick-delforge@sfr.fr<\/p>\n<p>T\u00e9l. 06 34 36 19 81<\/td>\n<\/tr>\n<tr class=\"row_even\">\n<td><strong>Secr\u00e9taire<\/strong><\/td>\n<td>Colonel (ER) Giorgio BENASSI<br \/>\n2, avenue du Bois<br \/>\n56800 Plo\u00ebrmel<\/td>\n<td><\/td>\n<\/tr>\n<tr class=\"row_odd\">\n<td><strong>Membre<\/strong><\/td>\n<td>Colonel (ER) Ren\u00e9 CARLETTO<br \/>\n14, la Boulaie<br \/>\n56380 Guer<\/td>\n<td><\/td>\n<\/tr>\n<\/tbody>\n<\/table>\n<table>\n<tbody>\n<tr class=\"row_even\">\n<td><\/td>\n<td><strong>D\u00e9l\u00e9gations<\/strong><\/td>\n<td><\/td>\n<\/tr>\n<tr class=\"row_odd\">\n<td><strong>Guer<\/strong><\/td>\n<td><\/td>\n<td><\/td>\n<\/tr>\n<tr class=\"row_even\">\n<td><strong>Josselin<\/strong><\/td>\n<td>Col Claude LAVOIVRE<\/td>\n<td><\/td>\n<\/tr>\n<tr class=\"row_odd\">\n<td><strong>Malestroit<\/strong><\/td>\n<td>Col Jean-Paul BOURBAN<\/td>\n<td><\/td>\n<\/tr>\n<tr class=\"row_even\">\n<td><strong>Plo\u00ebrmel<\/strong><\/td>\n<td>Lt-Colonel Jean-jacques NICOLAS<\/td>\n<td><\/td>\n<\/tr>\n<\/tbody>\n<\/table>\n<p><strong>Si\u00e8ge du Comit\u00e9 de Ploermel<\/strong><\/p>\n<p>Manoir de la Gapti\u00e8rel<br \/>\n56340 SAINT BRIEUC DE MAURON<br \/>\nT\u00e9l 02 97 22 62 36<\/p>\n<p><strong>Etendue du Comit\u00e9 : <\/strong><\/p>\n<p>Le territoire de l&rsquo;ancien arrondissement de Plo\u00ebrmel (supprim\u00e9 en 1926), soit toutes les communes des cantons de Guer, Josselin, Malestroit, Mauron, Plo\u00ebrmel, Rohan, St Jean Brevelay, La Trinit\u00e9 Porho\u00ebt.<\/p>\n<h2>Liste des communes du comit\u00e9 de Plo\u00ebrmel<\/h2>\n<table>\n<tbody>\n<tr class=\"row_even\">\n<td>Cantons<\/td>\n<td>Communes<\/td>\n<\/tr>\n<tr class=\"row_odd\">\n<td><strong>Guer<\/strong><\/td>\n<td>Augan, Beignon, Guer, Monteneuf, Porcaro, Saint-Malo-de-Beignon.<\/td>\n<\/tr>\n<tr class=\"row_even\">\n<td><strong>Josselin<\/strong><\/td>\n<td>Crugel, Gu\u00e9gon, Guillac, Hell\u00e9an, Josselin, La Croix Hell\u00e9an, la Gr\u00e9e St-Laurent, Lanou\u00e9e, les Forges, Quity, Saint-Servant-sur-Oust.<\/td>\n<\/tr>\n<tr class=\"row_odd\">\n<td><strong>La Trinit\u00e9 porho\u00ebt<\/strong><\/td>\n<td>Evriguet, Guilliers, la Trinit\u00e9-Porho\u00ebt, M\u00e9n\u00e9ac, Mohon, St Malo des Trois Fontaines.<\/td>\n<\/tr>\n<tr class=\"row_even\">\n<td><strong>Malestroit<\/strong><\/td>\n<td>Caro, la Chapelle Caro, le Roc Saint Andr\u00e9, Lizio, Malestroit , Missiriac, Monterrein, R\u00e9miniac, Ruffiac, St Abraham, St Guyomard, St Marcel, St Nicolas du Tertre, S\u00e9rent.<\/td>\n<\/tr>\n<tr class=\"row_odd\">\n<td><strong>Mauron<\/strong><\/td>\n<td>Brignac, Concoret, Mauron , N\u00e9ant sur Yvel, St Brieuc de Mauron, St L\u00e9ry, Tr\u00e9horenteuc.<\/td>\n<\/tr>\n<tr class=\"row_even\">\n<td><strong>Plo\u00ebrmel <\/strong><\/td>\n<td>Camp\u00e9n\u00e9ac, Gourhel, Loyat, Montertelot, Plo\u00ebrmel, Taupont.<\/td>\n<\/tr>\n<tr class=\"row_odd\">\n<td><strong>Rohan<\/strong><\/td>\n<td>Br\u00e9han Loud\u00e9ac, Cr\u00e9din, Lantillac, Pleugriffet, Radenac, R\u00e9guigny, Rohan, St Gouvry, St Samson.<\/td>\n<\/tr>\n<tr class=\"row_even\">\n<td><strong>Saint Jean Br\u00e9velay<\/strong><\/td>\n<td>Bignan, Billio, Bul\u00e9on, Gu\u00e9henno, Plumelec, St Allouestre, St Jean Br\u00e9velay.<\/td>\n<\/tr>\n<\/tbody>\n<\/table>\n","protected":false},"excerpt":{"rendered":"<p>Composition simplifi\u00e9e du bureau<\/p>\n","protected":false},"author":329,"featured_media":0,"parent":0,"menu_order":0,"comment_status":"closed","ping_status":"closed","template":"","meta":{"footnotes":""},"class_list":["post-6701","page","type-page","status-publish","hentry"],"_links":{"self":[{"href":"http:\/\/www.semlh-morbihan.fr\/wordpress\/wp-json\/wp\/v2\/pages\/6701","targetHints":{"allow":["GET"]}}],"collection":[{"href":"http:\/\/www.semlh-morbihan.fr\/wordpress\/wp-json\/wp\/v2\/pages"}],"about":[{"href":"http:\/\/www.semlh-morbihan.fr\/wordpress\/wp-json\/wp\/v2\/types\/page"}],"author":[{"embeddable":true,"href":"http:\/\/www.semlh-morbihan.fr\/wordpress\/wp-json\/wp\/v2\/users\/329"}],"replies":[{"embeddable":true,"href":"http:\/\/www.semlh-morbihan.fr\/wordpress\/wp-json\/wp\/v2\/comments?post=6701"}],"version-history":[{"count":1,"href":"http:\/\/www.semlh-morbihan.fr\/wordpress\/wp-json\/wp\/v2\/pages\/6701\/revisions"}],"predecessor-version":[{"id":6702,"href":"http:\/\/www.semlh-morbihan.fr\/wordpress\/wp-json\/wp\/v2\/pages\/6701\/revisions\/6702"}],"wp:attachment":[{"href":"http:\/\/www.semlh-morbihan.fr\/wordpress\/wp-json\/wp\/v2\/media?parent=6701"}],"curies":[{"name":"wp","href":"https:\/\/api.w.org\/{rel}","templated":true}]}}